{"id":1962,"date":"2023-07-24T16:39:50","date_gmt":"2023-07-24T14:39:50","guid":{"rendered":"https:\/\/www.movementdisorders.ch\/index\/?page_id=1962"},"modified":"2024-03-20T16:05:23","modified_gmt":"2024-03-20T14:05:23","slug":"spnm","status":"publish","type":"page","link":"https:\/\/www.movementdisorders.ch\/index\/spnm\/","title":{"rendered":"SPNM"},"content":{"rendered":"<p><div class=\"fusion-fullwidth fullwidth-box fusion-builder-row-1 fusion-flex-container has-pattern-background has-mask-background nonhundred-percent-fullwidth non-hundred-percent-height-scrolling\" style=\"--awb-background-position:left top;--awb-border-radius-top-left:0px;--awb-border-radius-top-right:0px;--awb-border-radius-bottom-right:0px;--awb-border-radius-bottom-left:0px;--awb-flex-wrap:wrap;\" ><div class=\"fusion-builder-row fusion-row fusion-flex-align-items-flex-start fusion-flex-content-wrap\" style=\"max-width:1352px;margin-left: calc(-4% \/ 2 );margin-right: calc(-4% \/ 2 );\"><div class=\"fusion-layout-column fusion_builder_column fusion-builder-column-0 fusion_builder_column_3_5 3_5 fusion-flex-column\" style=\"--awb-bg-size:cover;--awb-width-large:60%;--awb-margin-top-large:0px;--awb-spacing-right-large:3.2%;--awb-margin-bottom-large:20px;--awb-spacing-left-large:3.2%;--awb-width-medium:100%;--awb-order-medium:0;--awb-spacing-right-medium:1.92%;--awb-spacing-left-medium:1.92%;--awb-width-small:100%;--awb-order-small:0;--awb-spacing-right-small:1.92%;--awb-spacing-left-small:1.92%;\" data-scroll-devices=\"small-visibility,medium-visibility,large-visibility\"><div class=\"fusion-column-wrapper fusion-column-has-shadow fusion-flex-justify-content-flex-start fusion-content-layout-column\"><div class=\"fusion-image-element \" style=\"--awb-max-width:300px;--awb-caption-title-font-family:var(--h2_typography-font-family);--awb-caption-title-font-weight:var(--h2_typography-font-weight);--awb-caption-title-font-style:var(--h2_typography-font-style);--awb-caption-title-size:var(--h2_typography-font-size);--awb-caption-title-transform:var(--h2_typography-text-transform);--awb-caption-title-line-height:var(--h2_typography-line-height);--awb-caption-title-letter-spacing:var(--h2_typography-letter-spacing);\"><span class=\" fusion-imageframe imageframe-none imageframe-1 hover-type-none\"><img decoding=\"async\" width=\"568\" height=\"228\" title=\"SPNM_logo DE_RGB_fondo trasparente\" src=\"https:\/\/www.movementdisorders.ch\/index\/wp-content\/uploads\/2023\/08\/SPNM_logo-DE_RGB_fondo-trasparente.png\" alt class=\"img-responsive wp-image-1971\" srcset=\"https:\/\/www.movementdisorders.ch\/index\/wp-content\/uploads\/2023\/08\/SPNM_logo-DE_RGB_fondo-trasparente-200x80.png 200w, https:\/\/www.movementdisorders.ch\/index\/wp-content\/uploads\/2023\/08\/SPNM_logo-DE_RGB_fondo-trasparente-400x161.png 400w, https:\/\/www.movementdisorders.ch\/index\/wp-content\/uploads\/2023\/08\/SPNM_logo-DE_RGB_fondo-trasparente.png 568w\" sizes=\"(max-width: 1024px) 100vw, (max-width: 640px) 100vw, 568px\" \/><\/span><\/div><\/div><\/div><\/div><\/div><div class=\"fusion-fullwidth fullwidth-box fusion-builder-row-2 fusion-flex-container has-pattern-background has-mask-background nonhundred-percent-fullwidth non-hundred-percent-height-scrolling\" style=\"--awb-background-position:left top;--awb-border-radius-top-left:0px;--awb-border-radius-top-right:0px;--awb-border-radius-bottom-right:0px;--awb-border-radius-bottom-left:0px;--awb-flex-wrap:wrap;\" ><div class=\"fusion-builder-row fusion-row fusion-flex-align-items-flex-start fusion-flex-content-wrap\" style=\"max-width:1352px;margin-left: calc(-4% \/ 2 );margin-right: calc(-4% \/ 2 );\"><div class=\"fusion-layout-column fusion_builder_column fusion-builder-column-1 fusion_builder_column_3_5 3_5 fusion-flex-column\" style=\"--awb-bg-size:cover;--awb-width-large:60%;--awb-margin-top-large:0px;--awb-spacing-right-large:3.2%;--awb-margin-bottom-large:20px;--awb-spacing-left-large:3.2%;--awb-width-medium:100%;--awb-order-medium:0;--awb-spacing-right-medium:1.92%;--awb-spacing-left-medium:1.92%;--awb-width-small:100%;--awb-order-small:0;--awb-spacing-right-small:1.92%;--awb-spacing-left-small:1.92%;\" data-scroll-devices=\"small-visibility,medium-visibility,large-visibility\"><div class=\"fusion-column-wrapper fusion-column-has-shadow fusion-flex-justify-content-flex-start fusion-content-layout-column\"><div class=\"fusion-text fusion-text-1\"><h1>Hintergrund<\/h1>\n<p>Morbus Parkinson betrifft ca. 1% der Bev\u00f6lkerung \u00fcber 65 und 2% der \u00fcber 80j\u00e4hrigen. In der Schweiz sind ca. 15000 Menschen von Parkinson betroffen.<\/p>\n<p>Bei M. Parkinson handelt es sich um eine Erkrankung, die neben der Verlangsamung der Motorik und dem typischen Ruhezittern auch zu vegetativen St\u00f6rungen wie Verstopfung, Blasenentleerungsst\u00f6rungen, Blutdruckschwankungen, Temperaturregulationsst\u00f6rungen auch zu Schluckbeschwerden, Sprechst\u00f6rungen, Gangst\u00f6rungen, St\u00fcrzen, psychischen und kognitiven Ver\u00e4nderungen f\u00fchrt. M. Parkinson wird daher auch als eine neuropsychiatrische Multisystemerkrankung bezeichnet. Mit der Entdeckung von Levodopa in den 1960er Jahren und der Etablierung der Tiefen Hirnstimulation seit den fr\u00fchen 1990er Jahren, wurden die motorischen Symptome von Parkinson behandelbar.<\/p>\n<p>Die nicht-motorischen Parkinsonsymptome k\u00f6nnen jedoch weniger gut medikament\u00f6s behandelt werden und auch Gleichgewichtsst\u00f6rungen, Gangst\u00f6rungen und Sturzneigung sprechen nur insuffizient auf die medikament\u00f6sen Massnahmen an. Umso wichtiger sind die nicht-medikament\u00f6sen Therapiem\u00f6glichkeiten um die Betroffenen ad\u00e4quat zu unterst\u00fctzen.<\/p>\n<\/div><div class=\"fusion-separator fusion-full-width-sep\" style=\"align-self: flex-start;margin-right:auto;margin-top:20px;margin-bottom:30px;width:100%;\"><\/div><div ><a class=\"fusion-button button-flat fusion-button-default-size button-default fusion-button-default button-1 fusion-button-span-no fusion-button-default-type\" target=\"_blank\" rel=\"noopener noreferrer\" href=\"https:\/\/www.movementdisorders.ch\/index\/wp-content\/uploads\/2023\/08\/Satzung_SPNM.pdf\"><span class=\"fusion-button-text awb-button__text awb-button__text--default\">Satzung (PDF)<\/span><\/a><\/div><div class=\"fusion-separator fusion-full-width-sep\" style=\"align-self: flex-start;margin-right:auto;margin-top:10px;width:100%;\"><\/div><div ><a class=\"fusion-button button-flat fusion-button-default-size button-default fusion-button-default button-2 fusion-button-span-no fusion-button-default-type\" target=\"_blank\" rel=\"noopener noreferrer\" href=\"https:\/\/www.movementdisorders.ch\/index\/wp-content\/uploads\/2024\/02\/SPNM-Flyer-Newsletter-01_2024-2-1.pdf\"><span class=\"fusion-button-text awb-button__text awb-button__text--default\">Flyer Januar 2024 (PDF)<\/span><\/a><\/div><\/div><\/div><div class=\"fusion-layout-column fusion_builder_column fusion-builder-column-2 fusion_builder_column_2_5 2_5 fusion-flex-column fusion-animated\" style=\"--awb-padding-top:40px;--awb-padding-right:40px;--awb-padding-bottom:40px;--awb-padding-left:40px;--awb-bg-color:rgba(255,255,255,0.8);--awb-bg-color-hover:rgba(255,255,255,0.8);--awb-bg-size:cover;--awb-border-color:#eba04c;--awb-border-top:15px;--awb-border-right:15px;--awb-border-bottom:15px;--awb-border-left:15px;--awb-border-style:solid;--awb-width-large:40%;--awb-margin-top-large:0px;--awb-spacing-right-large:4.8%;--awb-margin-bottom-large:20px;--awb-spacing-left-large:4.8%;--awb-width-medium:100%;--awb-order-medium:0;--awb-spacing-right-medium:1.92%;--awb-spacing-left-medium:1.92%;--awb-width-small:100%;--awb-order-small:0;--awb-spacing-right-small:1.92%;--awb-spacing-left-small:1.92%;\" data-animationType=\"slideInRight\" data-animationDuration=\"0.8\" data-animationOffset=\"top-into-view\" data-scroll-devices=\"small-visibility,medium-visibility,large-visibility\"><div class=\"fusion-column-wrapper fusion-column-has-shadow fusion-flex-justify-content-flex-start fusion-content-layout-column\"><div class=\"fusion-text fusion-text-2\"><p><strong>CONTACT<\/strong><\/p>\n<p><strong>Dr. med. Julia M\u00fcllner<\/strong><br \/>\nFach\u00e4rztin Neurologie FMH<br \/>\nVereinspr\u00e4sidentin<\/p>\n<p><a href=\"mailto:info@spnm.ch\">info@spnm.ch<\/a><\/p>\n<\/div><div class=\"fusion-separator fusion-full-width-sep\" style=\"align-self: flex-start;margin-right:auto;margin-top:20px;margin-bottom:30px;width:100%;\"><\/div><div class=\"fusion-text fusion-text-3\"><p><strong>MEETINGS<\/strong><\/p>\n<p>Der interdisziplin\u00e4rer, Online-Austausch-Parkinson findet immer am dritten Mittwoch der geraden Monate (Februar, April, Juni, August, Oktober, Dezember) von 18h-19h statt. Alle TherapeutInnen, Pflegende, SozialarbeiterInnen, PsychologInnen und \u00c4rztInnen, die mit Parkinsonbetroffenen arbeiten, sind herzlich willkommen.<\/p>\n<p>Sie k\u00f6nnen in ungezwungenem Rahmen Fragen zu herausfordernden Therapiesituationen stellen oder auch Patientenvideos vorstellen.<\/p>\n<\/div><div class=\"fusion-separator fusion-full-width-sep\" style=\"align-self: flex-start;margin-right:auto;margin-top:20px;margin-bottom:30px;width:100%;\"><\/div><div ><a class=\"fusion-button button-flat fusion-button-default-size button-default fusion-button-default button-3 fusion-button-span-no fusion-button-default-type\" target=\"_blank\" rel=\"noopener noreferrer\" href=\"https:\/\/www.fp-parkinson.ch\/s-projects-basic-1\"><span class=\"fusion-button-text awb-button__text awb-button__text--default\">SPNM Online Austausch<\/span><\/a><\/div><\/div><\/div><\/div><\/div><div class=\"fusion-fullwidth fullwidth-box fusion-builder-row-3 fusion-flex-container has-pattern-background has-mask-background nonhundred-percent-fullwidth non-hundred-percent-height-scrolling\" style=\"--awb-background-position:left top;--awb-border-radius-top-left:0px;--awb-border-radius-top-right:0px;--awb-border-radius-bottom-right:0px;--awb-border-radius-bottom-left:0px;--awb-flex-wrap:wrap;\" ><div class=\"fusion-builder-row fusion-row fusion-flex-align-items-flex-start fusion-flex-content-wrap\" style=\"max-width:1352px;margin-left: calc(-4% \/ 2 );margin-right: calc(-4% \/ 2 );\"><div class=\"fusion-layout-column fusion_builder_column fusion-builder-column-3 fusion_builder_column_1_1 1_1 fusion-flex-column\" style=\"--awb-bg-size:cover;--awb-width-large:100%;--awb-margin-top-large:0px;--awb-spacing-right-large:1.92%;--awb-margin-bottom-large:20px;--awb-spacing-left-large:1.92%;--awb-width-medium:100%;--awb-order-medium:0;--awb-spacing-right-medium:1.92%;--awb-spacing-left-medium:1.92%;--awb-width-small:100%;--awb-order-small:0;--awb-spacing-right-small:1.92%;--awb-spacing-left-small:1.92%;\" data-scroll-devices=\"small-visibility,medium-visibility,large-visibility\"><div class=\"fusion-column-wrapper fusion-column-has-shadow fusion-flex-justify-content-flex-start fusion-content-layout-column\"><div class=\"fusion-separator fusion-full-width-sep\" style=\"align-self: flex-start;margin-right:auto;margin-top:50px;margin-bottom:30px;width:100%;\"><div class=\"fusion-separator-border sep-single\" style=\"--awb-height:20px;--awb-amount:20px;--awb-sep-color:#091d36;border-color:#091d36;border-top-width:1px;\"><\/div><\/div><div class=\"fusion-text fusion-text-4\"><h1>Geschichte<\/h1>\n<\/div><div class=\"fusion-text fusion-text-5 awb-text-cols fusion-text-columns-2\" style=\"--awb-columns:2;--awb-column-spacing:4em;--awb-column-min-width:300px;--awb-rule-style:2px dotted var(--awb-custom17);\"><p>Wie aus der oben dargestellten Vielseitigkeit der Erkrankung ersichtlich, erfordert die erfolgreiche Betreuung von Parkinsonbetroffenen ein Team aus \u00c4rztInnen, TherapeutInnen, PsychologInnen, Pflegenden und Sozialarbeitenden. Ein solches Team aufzubauen bleibt jedoch meistens den Betroffenen und\/oder Ihren Angeh\u00f6rigen \u00fcberlassen. Zudem ist im ambulanten Setting der Informationsaustausch zwischen den einzelnen Beteiligten schwierig. Meistens m\u00fcssen die Betroffenen selbst oder deren Angeh\u00f6rige das \u00abCase-Management\u00bb \u00fcbernehmen. Auch gibt es spezielle Bed\u00fcrfnisse von Parkinsonpatienten bzgl. Betreuung und Therapie, die ber\u00fccksichtigt werden m\u00fcssen um Betroffene langfristig erfolgreich therapeutisch zu begleiten.<\/p>\n<p>Um den interprofessionellen Austausch zu verbessern, die Awareness f\u00fcr die speziellen Bed\u00fcrfnisse von Parkinsonpatienten zu erh\u00f6hen und damit die Versorgungsqualit\u00e4t zu verbessern, wurde 2015 das Berner Therapienetzwerk Parkinson ins Leben gerufen.<\/p>\n<p>In diesem Netzwerk haben sich TherapeutInnen aus dem ambulanten Bereich, dem Inselspital und einer nahegelegenen Rehaklinik gemeinsam mit \u00c4rztInnen aus den Disziplinen Neurologie und Psychiatrie (Inselspital, UPD, Rehaklinik Tschugg), Neuropsychologie, Pflege und Sozialarbeit zusammengeschlossen und j\u00e4hrliche interdisziplin\u00e4re Fortbildungen organisiert. Der erste dieser Fortbildungsnachmittage fand im Mai 2016 statt, seither wurde j\u00e4hrlich, abgesehen vom Mai 2020 ein interdisziplin\u00e4rer Fortbildungsnachmittag f\u00fcr TherapeutInnen, Pflegende, NeuropsychologInnen und \u00c4rztInnen organisiert. Die Teilnahme ist kostenlos, die Veranstaltungen werden durch Sponsoring finanziert.<\/p>\n<p>Die diesj\u00e4hrige Veranstaltung am 11.05.2023 hatte \u00fcber 100 Teilnehmende. Die Fortbildung gliedert sich jeweils in einen theoretischen teil mit Vortr\u00e4gen und einen praktischen Teil mit Workshops.<\/p>\n<p>Durch den regelm\u00e4ssigen Austausch zwischen TherapeutInnen und \u00c4rztInnen konnte die Zusammenarbeit deutlich verbessert werden und mittels der interprofessionellen Vernetzung ist der Aufbau eines \u00abTherapieteams\u00bb f\u00fcr die Betroffenen einfacher geworden.<\/p>\n<p>Aus der Netzwerkarbeit sind folgende Initiativen entstanden:<\/p>\n<ul>\n<li>Berner Parkinsonchor<\/li>\n<li>CAS Physiotherapie bei Parkinson, Kooperation mit der Uni Basel, Leitung Jorina Janssens, erstmalige Durchf\u00fchrung 2019<\/li>\n<li>Gr\u00fcndung der <a href=\"https:\/\/www.fp-parkinson.ch\/\">Fachgruppe Physiotherapie bei Parkinson<\/a><\/li>\n<li>Aufnahme des Themas Parkinson in den CAS Physiotherapie in der Neurorehabilitation der BFH und den CAS Ergotherapie in der Neurologie der ZHAW<\/li>\n<li>Entwicklung der Swiss Parkinson App mit Informationen zu Symptomen und Therapiem\u00f6glichkeiten der Parkinsonerkrankung sowie einem Patiententagebuch und \u00dcbungsvideos zu physiotherapeutischen und logop\u00e4dischen \u00dcbungen. Die App ist auf Deutsch, Italienisch, Franz\u00f6sisch und Englisch erh\u00e4ltlich. Downloadlinks: <a href=\"https:\/\/apps.apple.com\/ch\/app\/swiss-parkinson\/id1514140778\">App-Store<\/a> , <a href=\"https:\/\/play.google.com\/store\/apps\/details?id=com.skysoft.parkfit&amp;hl=de_CH&amp;gl=US\">Google Play Store<\/a><\/li>\n<li>Ambulantes Pflegeprojekt f\u00fcr Parkinsonbetroffene im Raum Bern (Organisation Leonie Breuer und Susanne Krebser)<\/li>\n<li>Projekt soziale Arbeit bei \u00e4lteren Menschen, Br\u00fccken schlagen in der sozialen Versorgung nach dem Austritt aus Spital (Organisation Tatiana Hostettler)<\/li>\n<li>Online-Austausch mit interessierten TherapeutInnen und Pflegenden \u00fcber herausfordernde Situationen in der Behandlung von Parkinsonpatienten<\/li>\n<\/ul>\n<\/div><div class=\"fusion-separator fusion-full-width-sep\" style=\"align-self: center;margin-left: auto;margin-right: auto;margin-top:50px;width:100%;\"><\/div><\/div><\/div><\/div><\/div><div class=\"fusion-fullwidth fullwidth-box fusion-builder-row-4 fusion-flex-container has-pattern-background has-mask-background nonhundred-percent-fullwidth non-hundred-percent-height-scrolling\" style=\"--awb-background-position:left top;--awb-border-radius-top-left:0px;--awb-border-radius-top-right:0px;--awb-border-radius-bottom-right:0px;--awb-border-radius-bottom-left:0px;--awb-flex-wrap:wrap;\" ><div class=\"fusion-builder-row fusion-row fusion-flex-align-items-flex-start fusion-flex-content-wrap\" style=\"max-width:1352px;margin-left: calc(-4% \/ 2 );margin-right: calc(-4% \/ 2 );\"><div class=\"fusion-layout-column fusion_builder_column fusion-builder-column-4 fusion_builder_column_1_1 1_1 fusion-flex-column\" style=\"--awb-bg-size:cover;--awb-width-large:100%;--awb-margin-top-large:0px;--awb-spacing-right-large:1.92%;--awb-margin-bottom-large:20px;--awb-spacing-left-large:1.92%;--awb-width-medium:100%;--awb-spacing-right-medium:1.92%;--awb-spacing-left-medium:1.92%;--awb-width-small:100%;--awb-spacing-right-small:1.92%;--awb-spacing-left-small:1.92%;\"><div class=\"fusion-column-wrapper fusion-flex-justify-content-flex-start fusion-content-layout-column\"><div class=\"fusion-separator fusion-full-width-sep\" style=\"align-self: flex-start;margin-right:auto;margin-top:50px;margin-bottom:30px;width:100%;\"><div class=\"fusion-separator-border sep-single\" style=\"--awb-height:20px;--awb-amount:20px;--awb-sep-color:#091d36;border-color:#091d36;border-top-width:1px;\"><\/div><\/div><\/div><\/div><div class=\"fusion-layout-column fusion_builder_column fusion-builder-column-5 fusion_builder_column_2_3 2_3 fusion-flex-column\" style=\"--awb-bg-size:cover;--awb-width-large:66.666666666667%;--awb-margin-top-large:0px;--awb-spacing-right-large:2.88%;--awb-margin-bottom-large:20px;--awb-spacing-left-large:2.88%;--awb-width-medium:100%;--awb-spacing-right-medium:1.92%;--awb-spacing-left-medium:1.92%;--awb-width-small:100%;--awb-spacing-right-small:1.92%;--awb-spacing-left-small:1.92%;\"><div class=\"fusion-column-wrapper fusion-flex-justify-content-flex-start fusion-content-layout-column\"><div class=\"fusion-text fusion-text-6\"><h1>Vereinsgr\u00fcndung<\/h1>\n<p>Im Mai 2023 haben wir dann den Verein Schweizer Parkinsonnetzwerk Mittelland (SPNM) gegr\u00fcndet, welcher der <a href=\"https:\/\/www.movementdisorders.ch\/index\/\">Swiss Movement Disorder Society<\/a> angegliedert ist. Sitzungen finden online ca. alle 6 Wochen statt, die Jahressitzung findet im Anschluss an den j\u00e4hrlichen Fortbildungsnachmittag im Mai statt.<\/p>\n<p>Folgende Personen sind Gr\u00fcndungsmitglieder:<\/p>\n<\/div><\/div><\/div><div class=\"fusion-layout-column fusion_builder_column fusion-builder-column-6 fusion_builder_column_1_3 1_3 fusion-flex-column\" style=\"--awb-bg-size:cover;--awb-width-large:33.333333333333%;--awb-margin-top-large:0px;--awb-spacing-right-large:5.76%;--awb-margin-bottom-large:20px;--awb-spacing-left-large:5.76%;--awb-width-medium:100%;--awb-spacing-right-medium:1.92%;--awb-spacing-left-medium:1.92%;--awb-width-small:100%;--awb-spacing-right-small:1.92%;--awb-spacing-left-small:1.92%;\"><div class=\"fusion-column-wrapper fusion-flex-justify-content-flex-start fusion-content-layout-column\"><div class=\"fusion-image-element \" style=\"--awb-caption-title-font-family:var(--h2_typography-font-family);--awb-caption-title-font-weight:var(--h2_typography-font-weight);--awb-caption-title-font-style:var(--h2_typography-font-style);--awb-caption-title-size:var(--h2_typography-font-size);--awb-caption-title-transform:var(--h2_typography-text-transform);--awb-caption-title-line-height:var(--h2_typography-line-height);--awb-caption-title-letter-spacing:var(--h2_typography-letter-spacing);\"><span class=\" fusion-imageframe imageframe-none imageframe-2 hover-type-none\"><img decoding=\"async\" width=\"1080\" height=\"1080\" title=\"Vorstand SPNM\" src=\"https:\/\/www.movementdisorders.ch\/index\/wp-content\/uploads\/2024\/03\/Vorstand-SPNM.png\" alt class=\"img-responsive wp-image-2140\" srcset=\"https:\/\/www.movementdisorders.ch\/index\/wp-content\/uploads\/2024\/03\/Vorstand-SPNM-200x200.png 200w, https:\/\/www.movementdisorders.ch\/index\/wp-content\/uploads\/2024\/03\/Vorstand-SPNM-400x400.png 400w, https:\/\/www.movementdisorders.ch\/index\/wp-content\/uploads\/2024\/03\/Vorstand-SPNM-600x600.png 600w, https:\/\/www.movementdisorders.ch\/index\/wp-content\/uploads\/2024\/03\/Vorstand-SPNM-800x800.png 800w, https:\/\/www.movementdisorders.ch\/index\/wp-content\/uploads\/2024\/03\/Vorstand-SPNM.png 1080w\" sizes=\"(max-width: 1024px) 100vw, (max-width: 640px) 100vw, 400px\" \/><\/span><\/div><div class=\"fusion-separator fusion-full-width-sep\" style=\"align-self: center;margin-left: auto;margin-right: auto;margin-top:30px;width:100%;\"><\/div><\/div><\/div><div class=\"fusion-layout-column fusion_builder_column fusion-builder-column-7 fusion_builder_column_1_3 1_3 fusion-flex-column\" style=\"--awb-bg-size:cover;--awb-width-large:33.333333333333%;--awb-margin-top-large:0px;--awb-spacing-right-large:5.76%;--awb-margin-bottom-large:20px;--awb-spacing-left-large:5.76%;--awb-width-medium:100%;--awb-spacing-right-medium:1.92%;--awb-spacing-left-medium:1.92%;--awb-width-small:100%;--awb-spacing-right-small:1.92%;--awb-spacing-left-small:1.92%;\"><div class=\"fusion-column-wrapper fusion-flex-justify-content-flex-start fusion-content-layout-column\"><div class=\"fusion-text fusion-text-7\"><p>Amstutz, Deborah<br \/>\nNeuropsychologin Zentrum f\u00fcr Parkinson und Bewegungsst\u00f6rungen, Inselspital<br \/>\n<a href=\"mailto:deborah.amstutz@insel.ch\" target=\"_blank\" rel=\"noopener\">deborah.amstutz@insel.ch<\/a><\/p>\n<p>Breuer, Leonie<br \/>\nDipl. Pflegefachfrau Galenica, Projekt ambulante Pflege bei Parkinson<br \/>\n<a href=\"mailto:leonie.breuer@mediservice.ch\" target=\"_blank\" rel=\"noopener\">leonie.breuer@mediservice.ch<\/a><\/p>\n<p>Briner, Sandra<br \/>\nDipl. Physiotherapeutin, Leitung TeamNeurologie, Inselspital Bern<br \/>\n<a href=\"mailto:sandra.briner@insel.ch\" target=\"_blank\" rel=\"noopener\">sandra.briner@insel.ch<\/a><\/p>\n<p><strong>Debove, Ines (Vizepr\u00e4sidentin)<br \/>\n<\/strong>Spitalfach\u00e4rztin Neurologie, Zentrum f\u00fcr Parkinson und Bewegungsst\u00f6rungen, Inselspital<br \/>\n<a href=\"mailto:ines.debove@insel.ch\" target=\"_blank\" rel=\"noopener\">ines.debove@insel.ch<\/a><\/p>\n<p>Degen, Ursina<br \/>\nMSc p\u00e4d. Psychologie und Sonderp\u00e4dagogik, Dipl. Psychomotoriktherapeutin EDK, Lehrbeauftragte Heilp\u00e4dagogik, HfH, Z\u00fcrich<br \/>\n<span title=\"udegen@bluewin.ch\"><a href=\"mailto:udegen@bluewin.ch\" target=\"_blank\" rel=\"noopener\">udegen@bluewin.ch<\/a><\/span><\/p>\n<\/div><\/div><\/div><div class=\"fusion-layout-column fusion_builder_column fusion-builder-column-8 fusion_builder_column_1_3 1_3 fusion-flex-column\" style=\"--awb-bg-size:cover;--awb-width-large:33.333333333333%;--awb-margin-top-large:0px;--awb-spacing-right-large:5.76%;--awb-margin-bottom-large:20px;--awb-spacing-left-large:5.76%;--awb-width-medium:100%;--awb-spacing-right-medium:1.92%;--awb-spacing-left-medium:1.92%;--awb-width-small:100%;--awb-spacing-right-small:1.92%;--awb-spacing-left-small:1.92%;\"><div class=\"fusion-column-wrapper fusion-flex-justify-content-flex-start fusion-content-layout-column\"><div class=\"fusion-text fusion-text-8\"><p>Hostettler, Tatiana<br \/>Sozialarbeiterin MA, Forschung und Lehre Berner Fachhochschule Departement Soziale Arbeit<br \/><a href=\"mailto:info@vereinsomona.ch\" target=\"_blank\" rel=\"nofollow noopener\" shape=\"rect\">info@vereinsomona.ch<\/a><\/p>\n<p>Hunziker, Erika<br \/>Dr. phil: Leiterin Master Logop\u00e4die Institut f\u00fcr Sprache und Kommunikation, HfH, Z\u00fcrich<br \/><a href=\"mailto:erika.hunziker@hfh.ch\" target=\"_blank\" rel=\"noopener\">erika.hunziker@hfh.ch<\/a><\/p>\n<p><strong>Janssens, Jorina (Vorstandsmitglied)<br \/><\/strong>Physiotherapeutin Berner Fachhochschule Department Gesundheit<br \/><a href=\"mailto:info@fp-parkinson.ch\" target=\"_blank\" rel=\"noopener\">info@fp-parkinson.ch<\/a><\/p>\n<p>Jutzi, Barbara<br \/>Dipl. Physiotherapeutin, Team Neurologie, Inselspital Bern<br \/><a href=\"mailto:barbara.jutzi@insel.ch\" target=\"_blank\" rel=\"noopener\">barbara.jutzi@insel.ch<\/a><\/p>\n<p>Krebser, Susanne<br \/>Dipl. Pflegefachfrau Galenica, Projekt ambulante Pflege bei Parkinson<br \/><a href=\"mailto:susanne.krebser@mediservice.ch\" target=\"_blank\" rel=\"noopener\">susanne.krebser@mediservice.ch<\/a><\/p>\n<\/div><\/div><\/div><div class=\"fusion-layout-column fusion_builder_column fusion-builder-column-9 fusion_builder_column_1_3 1_3 fusion-flex-column\" style=\"--awb-bg-size:cover;--awb-width-large:33.333333333333%;--awb-margin-top-large:0px;--awb-spacing-right-large:5.76%;--awb-margin-bottom-large:20px;--awb-spacing-left-large:5.76%;--awb-width-medium:100%;--awb-spacing-right-medium:1.92%;--awb-spacing-left-medium:1.92%;--awb-width-small:100%;--awb-spacing-right-small:1.92%;--awb-spacing-left-small:1.92%;\"><div class=\"fusion-column-wrapper fusion-flex-justify-content-flex-start fusion-content-layout-column\"><div class=\"fusion-text fusion-text-9\"><p>Marbet, Monika<br \/>\nDipl. Logop\u00e4din, Abteilung station\u00e4re Neurorehabilitation Inselspital<br \/>\n<a href=\"mailto:monika.marbet@insel.ch\" target=\"_blank\" rel=\"noopener\">monika.marbet@insel.ch<\/a><\/p>\n<p><strong>M\u00fcllner, Julia (Pr\u00e4sidentin)<br \/>\n<\/strong>Ober\u00e4rztin Neurologie, Zentrum f\u00fcr Parkinson und Bewegungsst\u00f6rungen, Inselspital<\/p>\n<p>Staudenmann, Amanda<br \/>\nDipl. Physiotherapeutin und Heimleitung Villa Verena<br \/>\n<a href=\"mailto:astaudenmann@gmx.ch\" target=\"_blank\" rel=\"noopener\">astaudenmann@gmx.ch<\/a><\/p>\n<p>Wyss, Corina<br \/>\nDipl. Logop\u00e4din, Stv. Leitung Logop\u00e4die Abteilung station\u00e4re Neurorehabilitation Inselspital<br \/>\n<a href=\"mailto:corina.wyss@insel.ch\" target=\"_blank\" rel=\"noopener\">corina.wyss@insel.ch<\/a><\/p>\n<\/div><\/div><\/div><\/div><\/div><div class=\"fusion-fullwidth fullwidth-box fusion-builder-row-5 fusion-flex-container has-pattern-background has-mask-background nonhundred-percent-fullwidth non-hundred-percent-height-scrolling\" style=\"--awb-background-position:left top;--awb-border-radius-top-left:0px;--awb-border-radius-top-right:0px;--awb-border-radius-bottom-right:0px;--awb-border-radius-bottom-left:0px;--awb-flex-wrap:wrap;\" ><div class=\"fusion-builder-row fusion-row fusion-flex-align-items-flex-start fusion-flex-content-wrap\" style=\"max-width:1352px;margin-left: calc(-4% \/ 2 );margin-right: calc(-4% \/ 2 );\"><div class=\"fusion-layout-column fusion_builder_column fusion-builder-column-10 fusion_builder_column_1_1 1_1 fusion-flex-column\" style=\"--awb-bg-size:cover;--awb-width-large:100%;--awb-margin-top-large:0px;--awb-spacing-right-large:1.92%;--awb-margin-bottom-large:20px;--awb-spacing-left-large:1.92%;--awb-width-medium:100%;--awb-spacing-right-medium:1.92%;--awb-spacing-left-medium:1.92%;--awb-width-small:100%;--awb-spacing-right-small:1.92%;--awb-spacing-left-small:1.92%;\"><div class=\"fusion-column-wrapper fusion-flex-justify-content-flex-start fusion-content-layout-column\"><div class=\"fusion-separator fusion-full-width-sep\" style=\"align-self: flex-start;margin-right:auto;margin-top:50px;margin-bottom:30px;width:100%;\"><div class=\"fusion-separator-border sep-single\" style=\"--awb-height:20px;--awb-amount:20px;--awb-sep-color:#091d36;border-color:#091d36;border-top-width:1px;\"><\/div><\/div><\/div><\/div><div class=\"fusion-layout-column fusion_builder_column fusion-builder-column-11 fusion_builder_column_1_2 1_2 fusion-flex-column\" style=\"--awb-bg-size:cover;--awb-width-large:50%;--awb-margin-top-large:0px;--awb-spacing-right-large:3.84%;--awb-margin-bottom-large:20px;--awb-spacing-left-large:3.84%;--awb-width-medium:100%;--awb-spacing-right-medium:1.92%;--awb-spacing-left-medium:1.92%;--awb-width-small:100%;--awb-spacing-right-small:1.92%;--awb-spacing-left-small:1.92%;\"><div class=\"fusion-column-wrapper fusion-flex-justify-content-flex-start fusion-content-layout-column\"><div class=\"fusion-text fusion-text-10\"><h1>Internationale Zusammenarbeit<\/h1>\n<p>Der Verein Schweizer Parkinsonnetzwerk Mittelland (SPNM) ist Mitglied der Parkinson Netzwerke Deutschland e.V.<\/p>\n<\/div><\/div><\/div><div class=\"fusion-layout-column fusion_builder_column fusion-builder-column-12 fusion_builder_column_1_2 1_2 fusion-flex-column fusion-animated\" style=\"--awb-padding-top:40px;--awb-padding-right:40px;--awb-padding-bottom:40px;--awb-padding-left:40px;--awb-bg-color:rgba(255,255,255,0.8);--awb-bg-color-hover:rgba(255,255,255,0.8);--awb-bg-size:cover;--awb-border-color:#eba04c;--awb-border-top:15px;--awb-border-right:15px;--awb-border-bottom:15px;--awb-border-left:15px;--awb-border-style:solid;--awb-width-large:50%;--awb-margin-top-large:0px;--awb-spacing-right-large:3.84%;--awb-margin-bottom-large:20px;--awb-spacing-left-large:3.84%;--awb-width-medium:100%;--awb-order-medium:0;--awb-spacing-right-medium:1.92%;--awb-spacing-left-medium:1.92%;--awb-width-small:100%;--awb-order-small:0;--awb-spacing-right-small:1.92%;--awb-spacing-left-small:1.92%;\" data-animationType=\"slideInRight\" data-animationDuration=\"0.8\" data-animationOffset=\"top-into-view\" data-scroll-devices=\"small-visibility,medium-visibility,large-visibility\"><div class=\"fusion-column-wrapper fusion-column-has-shadow fusion-flex-justify-content-flex-start fusion-content-layout-column\"><div class=\"fusion-text fusion-text-11\"><h1>Online Meeting<\/h1>\n<\/div><div class=\"fusion-separator fusion-full-width-sep\" style=\"align-self: flex-start;margin-right:auto;margin-top:20px;margin-bottom:30px;width:100%;\"><\/div><div class=\"fusion-text fusion-text-12\"><p>Betreuen Sie Personen mit Parkinson? Sind Sie Neurolog*in, \u00c4rzt*in, Physio- oder Ergotherapeut*in, Logop\u00e4din oder in der Pflege, Sozialdienst t\u00e4tig? Fehlt es Ihnen an Austausch oder Netzwerk? Dann schliessen Sie sich an: wir treffen uns unkompliziert online.<\/p>\n<\/div><div class=\"fusion-separator fusion-full-width-sep\" style=\"align-self: flex-start;margin-right:auto;margin-top:20px;margin-bottom:30px;width:100%;\"><\/div><div ><a class=\"fusion-button button-flat fusion-button-default-size button-default fusion-button-default button-4 fusion-button-span-no fusion-button-default-type\" target=\"_blank\" rel=\"noopener noreferrer\" href=\"https:\/\/teams.microsoft.com\/l\/meetup-join\/19%3ah5U_A_2PjWv5Pex5w6CxIdoUeQDdN5RhzpbhyLtJiBk1%40thread.tacv2\/1697092961789?context=%7b%22Tid%22%3a%22f21c63e2-1961-4ef6-a103-0fee2ca40686%22%2c%22Oid%22%3a%2206b62a63-5395-47c6-a9c4-794e09afcf00%22%7d\"><span class=\"fusion-button-text awb-button__text awb-button__text--default\">MS-Teams Link<\/span><\/a><\/div><\/div><\/div><\/div><\/div><div class=\"fusion-fullwidth fullwidth-box fusion-builder-row-6 fusion-flex-container has-pattern-background has-mask-background nonhundred-percent-fullwidth non-hundred-percent-height-scrolling\" style=\"--awb-background-position:left top;--awb-border-radius-top-left:0px;--awb-border-radius-top-right:0px;--awb-border-radius-bottom-right:0px;--awb-border-radius-bottom-left:0px;--awb-flex-wrap:wrap;\" ><div class=\"fusion-builder-row fusion-row fusion-flex-align-items-flex-start fusion-flex-content-wrap\" style=\"max-width:1352px;margin-left: calc(-4% \/ 2 );margin-right: calc(-4% \/ 2 );\"><div class=\"fusion-layout-column fusion_builder_column fusion-builder-column-13 fusion_builder_column_1_1 1_1 fusion-flex-column\" style=\"--awb-bg-size:cover;--awb-width-large:100%;--awb-margin-top-large:0px;--awb-spacing-right-large:1.92%;--awb-margin-bottom-large:20px;--awb-spacing-left-large:1.92%;--awb-width-medium:100%;--awb-spacing-right-medium:1.92%;--awb-spacing-left-medium:1.92%;--awb-width-small:100%;--awb-spacing-right-small:1.92%;--awb-spacing-left-small:1.92%;\"><div class=\"fusion-column-wrapper fusion-flex-justify-content-flex-start fusion-content-layout-column\"><div class=\"fusion-separator fusion-full-width-sep\" style=\"align-self: flex-start;margin-right:auto;margin-top:50px;margin-bottom:30px;width:100%;\"><div class=\"fusion-separator-border sep-single\" style=\"--awb-height:20px;--awb-amount:20px;--awb-sep-color:#091d36;border-color:#091d36;border-top-width:1px;\"><\/div><\/div><div class=\"fusion-text fusion-text-13\"><h1>Finanzielle Unterst\u00fctzung<\/h1>\n<\/div><\/div><\/div><div class=\"fusion-layout-column fusion_builder_column fusion-builder-column-14 fusion_builder_column_1_3 1_3 fusion-flex-column\" style=\"--awb-bg-size:cover;--awb-width-large:33.333333333333%;--awb-margin-top-large:0px;--awb-spacing-right-large:5.76%;--awb-margin-bottom-large:20px;--awb-spacing-left-large:5.76%;--awb-width-medium:100%;--awb-spacing-right-medium:1.92%;--awb-spacing-left-medium:1.92%;--awb-width-small:100%;--awb-spacing-right-small:1.92%;--awb-spacing-left-small:1.92%;\"><div class=\"fusion-column-wrapper fusion-flex-justify-content-flex-start fusion-content-layout-column\"><div class=\"fusion-text fusion-text-14\"><p>Die SPNM arbeitet interdisziplin\u00e4r, um die Versorgungsqualit\u00e4t von Parkinsonpatienten in der Region Bern-Mittelland zu optimieren. Wir freuen uns, wenn auch Sie sich daran beteiligen m\u00f6chten.<\/p>\n<p>Unterst\u00fctzen Sie uns finanziell, sodass wir Mittel und Energie haben, uns weiterhin f\u00fcr Personen und Angeh\u00f6rigen mit Parkinson stark zu machen.<\/p>\n<\/div><\/div><\/div><div class=\"fusion-layout-column fusion_builder_column fusion-builder-column-15 fusion_builder_column_1_3 1_3 fusion-flex-column\" style=\"--awb-bg-size:cover;--awb-width-large:33.333333333333%;--awb-margin-top-large:0px;--awb-spacing-right-large:5.76%;--awb-margin-bottom-large:20px;--awb-spacing-left-large:5.76%;--awb-width-medium:100%;--awb-spacing-right-medium:1.92%;--awb-spacing-left-medium:1.92%;--awb-width-small:100%;--awb-spacing-right-small:1.92%;--awb-spacing-left-small:1.92%;\"><div class=\"fusion-column-wrapper fusion-flex-justify-content-flex-start fusion-content-layout-column\"><div class=\"fusion-builder-row fusion-builder-row-inner fusion-row fusion-flex-align-items-flex-start fusion-flex-content-wrap\" style=\"width:104% !important;max-width:104% !important;margin-left: calc(-4% \/ 2 );margin-right: calc(-4% \/ 2 );\"><div class=\"fusion-layout-column fusion_builder_column_inner fusion-builder-nested-column-0 fusion_builder_column_inner_1_1 1_1 fusion-flex-column\" style=\"--awb-bg-size:cover;--awb-width-large:100%;--awb-margin-top-large:0px;--awb-spacing-right-large:1.92%;--awb-margin-bottom-large:20px;--awb-spacing-left-large:1.92%;--awb-width-medium:100%;--awb-order-medium:0;--awb-spacing-right-medium:1.92%;--awb-spacing-left-medium:1.92%;--awb-width-small:100%;--awb-order-small:0;--awb-spacing-right-small:1.92%;--awb-spacing-left-small:1.92%;\"><div class=\"fusion-column-wrapper fusion-column-has-shadow fusion-flex-justify-content-flex-start fusion-content-layout-column\"><div class=\"fusion-image-element \" style=\"--awb-max-width:200px;--awb-caption-title-font-family:var(--h2_typography-font-family);--awb-caption-title-font-weight:var(--h2_typography-font-weight);--awb-caption-title-font-style:var(--h2_typography-font-style);--awb-caption-title-size:var(--h2_typography-font-size);--awb-caption-title-transform:var(--h2_typography-text-transform);--awb-caption-title-line-height:var(--h2_typography-line-height);--awb-caption-title-letter-spacing:var(--h2_typography-letter-spacing);\"><span class=\" fusion-imageframe imageframe-none imageframe-3 hover-type-none\"><img decoding=\"async\" width=\"616\" height=\"612\" title=\"QR\" src=\"https:\/\/www.movementdisorders.ch\/index\/wp-content\/uploads\/2024\/03\/QR.png\" alt class=\"img-responsive wp-image-2130\" srcset=\"https:\/\/www.movementdisorders.ch\/index\/wp-content\/uploads\/2024\/03\/QR-200x199.png 200w, https:\/\/www.movementdisorders.ch\/index\/wp-content\/uploads\/2024\/03\/QR-400x397.png 400w, https:\/\/www.movementdisorders.ch\/index\/wp-content\/uploads\/2024\/03\/QR-600x596.png 600w, https:\/\/www.movementdisorders.ch\/index\/wp-content\/uploads\/2024\/03\/QR.png 616w\" sizes=\"(max-width: 1024px) 100vw, (max-width: 640px) 100vw, 616px\" \/><\/span><\/div><\/div><\/div><\/div><\/div><\/div><div class=\"fusion-layout-column fusion_builder_column fusion-builder-column-16 fusion_builder_column_1_3 1_3 fusion-flex-column\" style=\"--awb-bg-size:cover;--awb-width-large:33.333333333333%;--awb-margin-top-large:0px;--awb-spacing-right-large:5.76%;--awb-margin-bottom-large:20px;--awb-spacing-left-large:5.76%;--awb-width-medium:100%;--awb-spacing-right-medium:1.92%;--awb-spacing-left-medium:1.92%;--awb-width-small:100%;--awb-spacing-right-small:1.92%;--awb-spacing-left-small:1.92%;\"><div class=\"fusion-column-wrapper fusion-flex-justify-content-flex-start fusion-content-layout-column\"><div class=\"fusion-builder-row fusion-builder-row-inner fusion-row fusion-flex-align-items-flex-start fusion-flex-content-wrap\" style=\"width:104% !important;max-width:104% !important;margin-left: calc(-4% \/ 2 );margin-right: calc(-4% \/ 2 );\"><div class=\"fusion-layout-column fusion_builder_column_inner fusion-builder-nested-column-1 fusion_builder_column_inner_1_1 1_1 fusion-flex-column\" style=\"--awb-bg-size:cover;--awb-width-large:100%;--awb-margin-top-large:0px;--awb-spacing-right-large:1.92%;--awb-margin-bottom-large:20px;--awb-spacing-left-large:1.92%;--awb-width-medium:100%;--awb-order-medium:0;--awb-spacing-right-medium:1.92%;--awb-spacing-left-medium:1.92%;--awb-width-small:100%;--awb-order-small:0;--awb-spacing-right-small:1.92%;--awb-spacing-left-small:1.92%;\"><div class=\"fusion-column-wrapper fusion-column-has-shadow fusion-flex-justify-content-flex-start fusion-content-layout-column\"><div class=\"fusion-image-element \" style=\"--awb-max-width:400px;--awb-caption-title-font-family:var(--h2_typography-font-family);--awb-caption-title-font-weight:var(--h2_typography-font-weight);--awb-caption-title-font-style:var(--h2_typography-font-style);--awb-caption-title-size:var(--h2_typography-font-size);--awb-caption-title-transform:var(--h2_typography-text-transform);--awb-caption-title-line-height:var(--h2_typography-line-height);--awb-caption-title-letter-spacing:var(--h2_typography-letter-spacing);\"><span class=\" fusion-imageframe imageframe-none imageframe-4 hover-type-none\"><img decoding=\"async\" width=\"4924\" height=\"928\" title=\"HUS_Logo_06.20 color\" src=\"https:\/\/www.movementdisorders.ch\/index\/wp-content\/uploads\/2024\/03\/HUS_Logo_06.20-color.png\" alt class=\"img-responsive wp-image-2129\" srcset=\"https:\/\/www.movementdisorders.ch\/index\/wp-content\/uploads\/2024\/03\/HUS_Logo_06.20-color-200x38.png 200w, https:\/\/www.movementdisorders.ch\/index\/wp-content\/uploads\/2024\/03\/HUS_Logo_06.20-color-400x75.png 400w, https:\/\/www.movementdisorders.ch\/index\/wp-content\/uploads\/2024\/03\/HUS_Logo_06.20-color-600x113.png 600w, https:\/\/www.movementdisorders.ch\/index\/wp-content\/uploads\/2024\/03\/HUS_Logo_06.20-color-800x151.png 800w, https:\/\/www.movementdisorders.ch\/index\/wp-content\/uploads\/2024\/03\/HUS_Logo_06.20-color-1200x226.png 1200w, https:\/\/www.movementdisorders.ch\/index\/wp-content\/uploads\/2024\/03\/HUS_Logo_06.20-color.png 4924w\" sizes=\"(max-width: 1024px) 100vw, (max-width: 640px) 100vw, 4924px\" \/><\/span><\/div><\/div><\/div><\/div><\/div><\/div><\/div><\/div><\/p>\n","protected":false},"excerpt":{"rendered":"","protected":false},"author":1,"featured_media":0,"parent":0,"menu_order":0,"comment_status":"closed","ping_status":"closed","template":"100-width.php","meta":{"footnotes":""},"class_list":["post-1962","page","type-page","status-publish","hentry"],"_links":{"self":[{"href":"https:\/\/www.movementdisorders.ch\/index\/wp-json\/wp\/v2\/pages\/1962","targetHints":{"allow":["GET"]}}],"collection":[{"href":"https:\/\/www.movementdisorders.ch\/index\/wp-json\/wp\/v2\/pages"}],"about":[{"href":"https:\/\/www.movementdisorders.ch\/index\/wp-json\/wp\/v2\/types\/page"}],"author":[{"embeddable":true,"href":"https:\/\/www.movementdisorders.ch\/index\/wp-json\/wp\/v2\/users\/1"}],"replies":[{"embeddable":true,"href":"https:\/\/www.movementdisorders.ch\/index\/wp-json\/wp\/v2\/comments?post=1962"}],"version-history":[{"count":71,"href":"https:\/\/www.movementdisorders.ch\/index\/wp-json\/wp\/v2\/pages\/1962\/revisions"}],"predecessor-version":[{"id":2144,"href":"https:\/\/www.movementdisorders.ch\/index\/wp-json\/wp\/v2\/pages\/1962\/revisions\/2144"}],"wp:attachment":[{"href":"https:\/\/www.movementdisorders.ch\/index\/wp-json\/wp\/v2\/media?parent=1962"}],"curies":[{"name":"wp","href":"https:\/\/api.w.org\/{rel}","templated":true}]}}