{"id":2921,"date":"2026-01-14T19:11:01","date_gmt":"2026-01-14T17:11:01","guid":{"rendered":"https:\/\/www.movementdisorders.ch\/index\/?page_id=2921"},"modified":"2026-01-14T19:15:37","modified_gmt":"2026-01-14T17:15:37","slug":"ptnw","status":"publish","type":"page","link":"https:\/\/www.movementdisorders.ch\/index\/ptnw\/","title":{"rendered":"PTNW"},"content":{"rendered":"<p><div class=\"fusion-fullwidth fullwidth-box fusion-builder-row-1 fusion-flex-container has-pattern-background has-mask-background nonhundred-percent-fullwidth non-hundred-percent-height-scrolling\" style=\"--awb-background-position:left top;--awb-border-radius-top-left:0px;--awb-border-radius-top-right:0px;--awb-border-radius-bottom-right:0px;--awb-border-radius-bottom-left:0px;--awb-flex-wrap:wrap;\" ><div class=\"fusion-builder-row fusion-row fusion-flex-align-items-flex-start fusion-flex-content-wrap\" style=\"max-width:1352px;margin-left: calc(-4% \/ 2 );margin-right: calc(-4% \/ 2 );\"><div class=\"fusion-layout-column fusion_builder_column fusion-builder-column-0 fusion_builder_column_1_3 1_3 fusion-flex-column\" style=\"--awb-bg-size:cover;--awb-width-large:33.333333333333%;--awb-margin-top-large:0px;--awb-spacing-right-large:5.76%;--awb-margin-bottom-large:20px;--awb-spacing-left-large:5.76%;--awb-width-medium:100%;--awb-order-medium:0;--awb-spacing-right-medium:1.92%;--awb-spacing-left-medium:1.92%;--awb-width-small:100%;--awb-order-small:0;--awb-spacing-right-small:1.92%;--awb-spacing-left-small:1.92%;\" data-scroll-devices=\"small-visibility,medium-visibility,large-visibility\"><div class=\"fusion-column-wrapper fusion-column-has-shadow fusion-flex-justify-content-flex-start fusion-content-layout-column\"><div class=\"fusion-image-element \" style=\"--awb-max-width:300px;--awb-caption-title-font-family:var(--h2_typography-font-family);--awb-caption-title-font-weight:var(--h2_typography-font-weight);--awb-caption-title-font-style:var(--h2_typography-font-style);--awb-caption-title-size:var(--h2_typography-font-size);--awb-caption-title-transform:var(--h2_typography-text-transform);--awb-caption-title-line-height:var(--h2_typography-line-height);--awb-caption-title-letter-spacing:var(--h2_typography-letter-spacing);\"><span class=\" fusion-imageframe imageframe-none imageframe-1 hover-type-none\"><img decoding=\"async\" width=\"211\" height=\"90\" title=\"PDNW\" src=\"https:\/\/www.movementdisorders.ch\/index\/wp-content\/uploads\/2026\/01\/PDNW.png\" alt class=\"img-responsive wp-image-2922\" srcset=\"https:\/\/www.movementdisorders.ch\/index\/wp-content\/uploads\/2026\/01\/PDNW-200x85.png 200w, https:\/\/www.movementdisorders.ch\/index\/wp-content\/uploads\/2026\/01\/PDNW.png 211w\" sizes=\"(max-width: 1024px) 100vw, (max-width: 640px) 100vw, 211px\" \/><\/span><\/div><\/div><\/div><div class=\"fusion-layout-column fusion_builder_column fusion-builder-column-1 fusion_builder_column_2_3 2_3 fusion-flex-column\" style=\"--awb-bg-size:cover;--awb-width-large:66.666666666667%;--awb-margin-top-large:0px;--awb-spacing-right-large:2.88%;--awb-margin-bottom-large:20px;--awb-spacing-left-large:2.88%;--awb-width-medium:100%;--awb-order-medium:0;--awb-spacing-right-medium:1.92%;--awb-spacing-left-medium:1.92%;--awb-width-small:100%;--awb-order-small:0;--awb-spacing-right-small:1.92%;--awb-spacing-left-small:1.92%;\" data-scroll-devices=\"small-visibility,medium-visibility,large-visibility\"><div class=\"fusion-column-wrapper fusion-column-has-shadow fusion-flex-justify-content-flex-start fusion-content-layout-column\"><\/div><\/div><\/div><\/div><div class=\"fusion-fullwidth fullwidth-box fusion-builder-row-2 fusion-flex-container has-pattern-background has-mask-background nonhundred-percent-fullwidth non-hundred-percent-height-scrolling\" style=\"--awb-background-position:left top;--awb-border-radius-top-left:0px;--awb-border-radius-top-right:0px;--awb-border-radius-bottom-right:0px;--awb-border-radius-bottom-left:0px;--awb-flex-wrap:wrap;\" ><div class=\"fusion-builder-row fusion-row fusion-flex-align-items-flex-start fusion-flex-content-wrap\" style=\"max-width:1352px;margin-left: calc(-4% \/ 2 );margin-right: calc(-4% \/ 2 );\"><div class=\"fusion-layout-column fusion_builder_column fusion-builder-column-2 fusion_builder_column_1_1 1_1 fusion-flex-column\" style=\"--awb-bg-size:cover;--awb-width-large:100%;--awb-margin-top-large:0px;--awb-spacing-right-large:1.92%;--awb-margin-bottom-large:20px;--awb-spacing-left-large:1.92%;--awb-width-medium:100%;--awb-order-medium:0;--awb-spacing-right-medium:1.92%;--awb-spacing-left-medium:1.92%;--awb-width-small:100%;--awb-order-small:0;--awb-spacing-right-small:1.92%;--awb-spacing-left-small:1.92%;\" data-scroll-devices=\"small-visibility,medium-visibility,large-visibility\"><div class=\"fusion-column-wrapper fusion-column-has-shadow fusion-flex-justify-content-flex-start fusion-content-layout-column\"><div class=\"fusion-text fusion-text-1\"><p><strong><u>Zielsetzung<\/u><\/strong><\/p>\n<p><em>Das Parkinson-Netzwerk soll \u00c4rzte, Therapeuten und Pflegende, welche einen Fokus auf die Behandlung von Patienten mit Bewegungsst\u00f6rungen \u2013 im Speziellen die Parkinsonerkrankung \u2013 vereinen. <\/em><\/p>\n<p><em>Patienten sollen von einem engen Austausch der verschiedenen Spezialisten profitieren k\u00f6nnen, einfacher Ansprechpersonen f\u00fcr spezifische Anliegen finden \u00a0k\u00f6nnen. Die Qualit\u00e4t der ambulanten Behandlung soll verbessert werden.<\/em><\/p>\n<p><em>Die Spezialisten erhalten die M\u00f6glichkeit sich mindestens einmal j\u00e4hrlich im Rahmen eines Symposiums auszutauschen. Das Symposium soll interdisziplin\u00e4r gestaltet werden, Bed\u00fcrfnisse aller Spezialisten abdecken. F\u00fcr das j\u00e4hrliche Symposium soll jeweils ein Hauptthema definiert werden, mit Beitr\u00e4gen von \u00c4rzten (Neurologen, Neurochirurgen, Neuropsychiatern, ev. Haus\u00e4rzte), Therapeuten (Physio- Erg- und Logop\u00e4die), Neuropsychologen und Pflegenden (Parkinson-Nurse).<\/em><\/p>\n<p><em>Enge Kollaboration mit Parkinson-Schweiz und SMDS, wobei das Angebot komplement\u00e4r ist<\/em><\/p>\n<\/div><\/div><\/div><\/div><\/div><div class=\"fusion-fullwidth fullwidth-box fusion-builder-row-3 fusion-flex-container has-pattern-background has-mask-background nonhundred-percent-fullwidth non-hundred-percent-height-scrolling\" style=\"--awb-background-position:left top;--awb-border-radius-top-left:0px;--awb-border-radius-top-right:0px;--awb-border-radius-bottom-right:0px;--awb-border-radius-bottom-left:0px;--awb-flex-wrap:wrap;\" ><div class=\"fusion-builder-row fusion-row fusion-flex-align-items-flex-start fusion-flex-content-wrap\" style=\"max-width:1352px;margin-left: calc(-4% \/ 2 );margin-right: calc(-4% \/ 2 );\"><div class=\"fusion-layout-column fusion_builder_column fusion-builder-column-3 fusion_builder_column_1_5 1_5 fusion-flex-column\" style=\"--awb-bg-size:cover;--awb-width-large:20%;--awb-margin-top-large:0px;--awb-spacing-right-large:9.6%;--awb-margin-bottom-large:20px;--awb-spacing-left-large:9.6%;--awb-width-medium:100%;--awb-order-medium:0;--awb-spacing-right-medium:1.92%;--awb-spacing-left-medium:1.92%;--awb-width-small:100%;--awb-order-small:0;--awb-spacing-right-small:1.92%;--awb-spacing-left-small:1.92%;\" data-scroll-devices=\"small-visibility,medium-visibility,large-visibility\"><div class=\"fusion-column-wrapper fusion-column-has-shadow fusion-flex-justify-content-flex-start fusion-content-layout-column\"><div class=\"fusion-text fusion-text-2\"><p><strong>Neurologie:<\/strong><br \/>\nPD Dr. med. F. Hatz<br \/>\nNeurologie<br \/>\nUniversit\u00e4tsspital Basel<\/p>\n<p>PD Dr. med. M. Hardmeier<br \/>\nNeurologie<br \/>\nUniversit\u00e4tsspital Basel<\/p>\n<p>Dr. med. T. Piroth<br \/>\nNeurologie<br \/>\nKantonsspital Aarau<\/p>\n<p>Prof. Dr. med. D. Benninger<br \/>\nRehaklinik Rheinfelden<\/p>\n<p>PD Dr. med. H. Gensicke<br \/>\nNeurorehabilitation<br \/>\nUniversit\u00e4re Altersmedizin Felix Platter<\/p>\n<\/div><\/div><\/div><div class=\"fusion-layout-column fusion_builder_column fusion-builder-column-4 fusion_builder_column_1_5 1_5 fusion-flex-column\" style=\"--awb-bg-size:cover;--awb-width-large:20%;--awb-margin-top-large:0px;--awb-spacing-right-large:9.6%;--awb-margin-bottom-large:20px;--awb-spacing-left-large:9.6%;--awb-width-medium:100%;--awb-order-medium:0;--awb-spacing-right-medium:1.92%;--awb-spacing-left-medium:1.92%;--awb-width-small:100%;--awb-order-small:0;--awb-spacing-right-small:1.92%;--awb-spacing-left-small:1.92%;\" data-scroll-devices=\"small-visibility,medium-visibility,large-visibility\"><div class=\"fusion-column-wrapper fusion-column-has-shadow fusion-flex-justify-content-flex-start fusion-content-layout-column\"><div class=\"fusion-text fusion-text-3\"><p><strong>Neurochirurgie:<\/strong><br \/>\nDr. med. E. Taub<br \/>\nNeurochirurgie<br \/>\nUniversit\u00e4tsspital Basel<\/p>\n<p>Dr. med. R. Bauer<br \/>\nNeurochirurgie<br \/>\nKantonsspital Aarau<\/p>\n<\/div><\/div><\/div><div class=\"fusion-layout-column fusion_builder_column fusion-builder-column-5 fusion_builder_column_1_5 1_5 fusion-flex-column\" style=\"--awb-bg-size:cover;--awb-width-large:20%;--awb-margin-top-large:0px;--awb-spacing-right-large:9.6%;--awb-margin-bottom-large:20px;--awb-spacing-left-large:9.6%;--awb-width-medium:100%;--awb-order-medium:0;--awb-spacing-right-medium:1.92%;--awb-spacing-left-medium:1.92%;--awb-width-small:100%;--awb-order-small:0;--awb-spacing-right-small:1.92%;--awb-spacing-left-small:1.92%;\" data-scroll-devices=\"small-visibility,medium-visibility,large-visibility\"><div class=\"fusion-column-wrapper fusion-column-has-shadow fusion-flex-justify-content-flex-start fusion-content-layout-column\"><div class=\"fusion-text fusion-text-4\"><p><strong>Neuropsychologie:<\/strong><br \/>\nDr. A. Meyer<br \/>\nMemory Clinic<br \/>\nUniversit\u00e4re Altersmedizin Felix Platter<\/p>\n<p>Dr. M. Ehrensperger<br \/>\nMemory Clinic<br \/>\nUniversit\u00e4re Altersmedizin Felix Platter<\/p>\n<\/div><\/div><\/div><div class=\"fusion-layout-column fusion_builder_column fusion-builder-column-6 fusion_builder_column_1_5 1_5 fusion-flex-column\" style=\"--awb-bg-size:cover;--awb-width-large:20%;--awb-margin-top-large:0px;--awb-spacing-right-large:9.6%;--awb-margin-bottom-large:20px;--awb-spacing-left-large:9.6%;--awb-width-medium:100%;--awb-order-medium:0;--awb-spacing-right-medium:1.92%;--awb-spacing-left-medium:1.92%;--awb-width-small:100%;--awb-order-small:0;--awb-spacing-right-small:1.92%;--awb-spacing-left-small:1.92%;\" data-scroll-devices=\"small-visibility,medium-visibility,large-visibility\"><div class=\"fusion-column-wrapper fusion-column-has-shadow fusion-flex-justify-content-flex-start fusion-content-layout-column\"><div class=\"fusion-text fusion-text-5\"><p><strong>Neuropsychiatrie:<\/strong><br \/>\nG. Hofmann<br \/>\nPsychosomatik<br \/>\nUniversit\u00e4tsspital Basel<\/p>\n<p>Dr. med. E. Abela<br \/>\nPsychiatrische Dienste Aargau<\/p>\n<\/div><\/div><\/div><div class=\"fusion-layout-column fusion_builder_column fusion-builder-column-7 fusion_builder_column_1_5 1_5 fusion-flex-column\" style=\"--awb-bg-size:cover;--awb-width-large:20%;--awb-margin-top-large:0px;--awb-spacing-right-large:9.6%;--awb-margin-bottom-large:20px;--awb-spacing-left-large:9.6%;--awb-width-medium:100%;--awb-order-medium:0;--awb-spacing-right-medium:1.92%;--awb-spacing-left-medium:1.92%;--awb-width-small:100%;--awb-order-small:0;--awb-spacing-right-small:1.92%;--awb-spacing-left-small:1.92%;\" data-scroll-devices=\"small-visibility,medium-visibility,large-visibility\"><div class=\"fusion-column-wrapper fusion-column-has-shadow fusion-flex-justify-content-flex-start fusion-content-layout-column\"><div class=\"fusion-text fusion-text-6\"><p><strong>Neuropsychologie:<\/strong><br \/>\nDr. A. Meyer<br \/>\nMemory Clinic<br \/>\nUniversit\u00e4re Altersmedizin Felix Platter<\/p>\n<p>Dr. M. Ehrensperger<br \/>\nMemory Clinic<br \/>\nUniversit\u00e4re Altersmedizin Felix Platter<\/p>\n<\/div><\/div><\/div><div class=\"fusion-layout-column fusion_builder_column fusion-builder-column-8 fusion_builder_column_1_5 1_5 fusion-flex-column\" style=\"--awb-bg-size:cover;--awb-width-large:20%;--awb-margin-top-large:0px;--awb-spacing-right-large:9.6%;--awb-margin-bottom-large:20px;--awb-spacing-left-large:9.6%;--awb-width-medium:100%;--awb-order-medium:0;--awb-spacing-right-medium:1.92%;--awb-spacing-left-medium:1.92%;--awb-width-small:100%;--awb-order-small:0;--awb-spacing-right-small:1.92%;--awb-spacing-left-small:1.92%;\" data-scroll-devices=\"small-visibility,medium-visibility,large-visibility\"><div class=\"fusion-column-wrapper fusion-column-has-shadow fusion-flex-justify-content-flex-start fusion-content-layout-column\"><div class=\"fusion-text fusion-text-7\"><p><strong>Physiotherapie:<\/strong><br \/>\nBeni Ludin<br \/>\nPhysiotherapie<br \/>\nUniversit\u00e4re Altersmedizin Felix Platter<\/p>\n<p>Stefanie Stadelmann<br \/>\nPhysiotherapie<br \/>\nRehaklinik Rheinfelden<\/p>\n<\/div><\/div><\/div><div class=\"fusion-layout-column fusion_builder_column fusion-builder-column-9 fusion_builder_column_1_5 1_5 fusion-flex-column\" style=\"--awb-bg-size:cover;--awb-width-large:20%;--awb-margin-top-large:0px;--awb-spacing-right-large:9.6%;--awb-margin-bottom-large:20px;--awb-spacing-left-large:9.6%;--awb-width-medium:100%;--awb-order-medium:0;--awb-spacing-right-medium:1.92%;--awb-spacing-left-medium:1.92%;--awb-width-small:100%;--awb-order-small:0;--awb-spacing-right-small:1.92%;--awb-spacing-left-small:1.92%;\" data-scroll-devices=\"small-visibility,medium-visibility,large-visibility\"><div class=\"fusion-column-wrapper fusion-column-has-shadow fusion-flex-justify-content-flex-start fusion-content-layout-column\"><div class=\"fusion-text fusion-text-8\"><p><strong>Logop\u00e4die:<\/strong><br \/>\nSimone Albert (Felix-Platter)<br \/>\nLogop\u00e4die<br \/>\nUniversit\u00e4re Altersmedizin Felix Platter<\/p>\n<p>Alexia Galliker (Spalenring)<br \/>\nLogop\u00e4die<br \/>\nBasel<\/p>\n<\/div><\/div><\/div><div class=\"fusion-layout-column fusion_builder_column fusion-builder-column-10 fusion_builder_column_1_5 1_5 fusion-flex-column\" style=\"--awb-bg-size:cover;--awb-width-large:20%;--awb-margin-top-large:0px;--awb-spacing-right-large:9.6%;--awb-margin-bottom-large:20px;--awb-spacing-left-large:9.6%;--awb-width-medium:100%;--awb-order-medium:0;--awb-spacing-right-medium:1.92%;--awb-spacing-left-medium:1.92%;--awb-width-small:100%;--awb-order-small:0;--awb-spacing-right-small:1.92%;--awb-spacing-left-small:1.92%;\" data-scroll-devices=\"small-visibility,medium-visibility,large-visibility\"><div class=\"fusion-column-wrapper fusion-column-has-shadow fusion-flex-justify-content-flex-start fusion-content-layout-column\"><div class=\"fusion-text fusion-text-9\"><p><strong>Ergotherapie:<\/strong><br \/>\nHeike R\u00f6sner<br \/>\nErgotherapie<br \/>\nRehaklinik Rheinfelden<\/p>\n<\/div><\/div><\/div><\/div><\/div><\/p>\n","protected":false},"excerpt":{"rendered":"","protected":false},"author":2,"featured_media":0,"parent":0,"menu_order":0,"comment_status":"closed","ping_status":"closed","template":"100-width.php","meta":{"footnotes":""},"class_list":["post-2921","page","type-page","status-publish","hentry"],"_links":{"self":[{"href":"https:\/\/www.movementdisorders.ch\/index\/wp-json\/wp\/v2\/pages\/2921","targetHints":{"allow":["GET"]}}],"collection":[{"href":"https:\/\/www.movementdisorders.ch\/index\/wp-json\/wp\/v2\/pages"}],"about":[{"href":"https:\/\/www.movementdisorders.ch\/index\/wp-json\/wp\/v2\/types\/page"}],"author":[{"embeddable":true,"href":"https:\/\/www.movementdisorders.ch\/index\/wp-json\/wp\/v2\/users\/2"}],"replies":[{"embeddable":true,"href":"https:\/\/www.movementdisorders.ch\/index\/wp-json\/wp\/v2\/comments?post=2921"}],"version-history":[{"count":4,"href":"https:\/\/www.movementdisorders.ch\/index\/wp-json\/wp\/v2\/pages\/2921\/revisions"}],"predecessor-version":[{"id":2927,"href":"https:\/\/www.movementdisorders.ch\/index\/wp-json\/wp\/v2\/pages\/2921\/revisions\/2927"}],"wp:attachment":[{"href":"https:\/\/www.movementdisorders.ch\/index\/wp-json\/wp\/v2\/media?parent=2921"}],"curies":[{"name":"wp","href":"https:\/\/api.w.org\/{rel}","templated":true}]}}